{"id":49716,"date":"2025-12-20T08:02:15","date_gmt":"2025-12-20T07:02:15","guid":{"rendered":"https:\/\/druckluft-verzeichnis.de\/?page_id=49716"},"modified":"2026-02-08T16:28:07","modified_gmt":"2026-02-08T15:28:07","slug":"veranstaltungskalender","status":"publish","type":"page","link":"https:\/\/druckluft-verzeichnis.de\/en\/veranstaltungskalender\/","title":{"rendered":"Events Calendar"},"content":{"rendered":"<div data-elementor-type=\"wp-page\" data-elementor-id=\"49716\" class=\"elementor elementor-49716\" data-elementor-settings=\"{&quot;ha_cmc_init_switcher&quot;:&quot;no&quot;}\" data-elementor-post-type=\"page\">\n\t\t\t\t<div class=\"elementor-element elementor-element-999e383 e-con-full e-flex e-con e-parent\" data-id=\"999e383\" data-element_type=\"container\" data-e-type=\"container\" data-settings=\"{&quot;background_background&quot;:&quot;classic&quot;,&quot;_ha_eqh_enable&quot;:false}\">\n\t\t\t\t<div class=\"elementor-element elementor-element-b95ef54 elementor-widget elementor-widget-heading\" data-id=\"b95ef54\" data-element_type=\"widget\" data-e-type=\"widget\" data-widget_type=\"heading.default\">\n\t\t\t\t\t<h1 class=\"elementor-heading-title elementor-size-default\">Veranstaltungskalender Druckluft und Kompressoren \u2013 alle Events im \u00dcberblick<\/h1>\t\t\t\t<\/div>\n\t\t\t\t<div class=\"elementor-element elementor-element-38216ec elementor-widget elementor-widget-text-editor\" data-id=\"38216ec\" data-element_type=\"widget\" data-e-type=\"widget\" data-widget_type=\"text-editor.default\">\n\t\t\t\t\t\t\t\t\t<p>Unser Veranstaltungskalender f\u00fcr <a href=\"https:\/\/druckluft-verzeichnis.de\/en\/druckluft-fachhandel\/\">Druckluft<\/a> und Kompressoren zeigt Ihnen alle relevanten <strong data-start=\"931\" data-end=\"992\">Messen, <a href=\"https:\/\/druckluft-verzeichnis.de\/en\/veranstaltungen\/\">Events<\/a> und Branchenevents<\/strong> an einem Ort. Finden Sie aktuelle Termine, internationale Messen und Events \u2013 \u00fcbersichtlich, themenfokussiert und ideal f\u00fcr Entscheider, Techniker und Eink\u00e4ufer der Druckluftbranche.<\/p>\t\t\t\t\t\t\t\t<\/div>\n\t\t\t\t<\/div>\n\t\t<div class=\"elementor-element elementor-element-4cb9e54 e-con-full e-flex e-con e-parent\" data-id=\"4cb9e54\" data-element_type=\"container\" data-e-type=\"container\" data-settings=\"{&quot;_ha_eqh_enable&quot;:false}\">\n\t\t<div class=\"elementor-element elementor-element-28ce9d2 e-flex e-con-boxed e-con e-child\" data-id=\"28ce9d2\" data-element_type=\"container\" data-e-type=\"container\" data-settings=\"{&quot;_ha_eqh_enable&quot;:false}\">\n\t\t\t\t\t<div class=\"e-con-inner\">\n\t\t\t\t<div class=\"elementor-element elementor-element-6b1f06c elementor-widget elementor-widget-heading\" data-id=\"6b1f06c\" data-element_type=\"widget\" data-e-type=\"widget\" data-widget_type=\"heading.default\">\n\t\t\t\t\t<h2 class=\"elementor-heading-title elementor-size-default\">Events Calendar <\/h2>\t\t\t\t<\/div>\n\t\t\t\t<div class=\"elementor-element elementor-element-b069669 elementor-widget elementor-widget-wp-widget-geodir_event_calendar\" data-id=\"b069669\" data-element_type=\"widget\" data-e-type=\"widget\" data-widget_type=\"wp-widget-geodir_event_calendar.default\">\n\t\t\t\t<div class=\"elementor-widget-container\">\n\t\t\t\t\t<span class='geodir-event-calendar bsui sdel-defd7d8f' >\t\t<div class=\"geodir_event_cal_widget table-responsive\" id=\"gdwgt_wp_widget_geodir_event_calendar_69f1c55e1240d\">\n\t\t\t\t\t\t<input type=\"hidden\" value=\"gd_event\" id=\"geodir_calendar_post_type\">\n\t\t\t\t\t\t<table style=\"width:100%\" class=\"gd_cal_nav table table-striped p-0 m-0 border\">\n\t\t\t\t<tr align=\"center\" class=\"title\">\n\t\t\t\t\t<td style=\"width:10%\" class=\"title geodir_cal_prev text-start text-start c-pointer py-2 px-3\"><span class=\"\" data-bs-toggle=\"tooltip\" title=\"prev\"><i class=\"fas fa-chevron-left\"><\/i><\/span><\/td>\n\t\t\t\t\t<td style=\"vertical-align:top;text-align:center\" class=\"title gd-event-cal-title\"><\/td>\n\t\t\t\t\t<td style=\"width:10%\" class=\"title geodir_cal_next text-end text-end c-pointer py-2 px-3\"><span class=\"\" data-bs-toggle=\"tooltip\" title=\"next\"><i class=\"fas fa-chevron-right\"><\/i><\/span><\/td>\n\t\t\t\t<\/tr>\n\t\t\t<\/table>\n\t\t\t<div class=\"geodir_event_calendar geodir-calendar-loading position-relative\"><div class=\"clearfix text-center w-100\"><div class=\"gd-div-loader spinner-border mx-auto m-3\" role=\"status\"><span class=\"visually-hidden\">Loading...<\/span><\/div><\/div><\/div>\n\t\t<\/div>\n\t<script type=\"text\/javascript\">\n\tif (typeof geodir_event_call_calendar_69f1c55e1240f !== 'function') {\n\t\twindow.geodir_event_call_calendar_69f1c55e1240f = function() {\n\t\t\tvar $container = jQuery('#gdwgt_wp_widget_geodir_event_calendar_69f1c55e1240d');\n\t\t\tvar sday = '1';\n\t\t\tvar wday = '3';\n\t\t\tvar gdem_loading = jQuery('.gd_cal_nav .gdem-loading', $container);\n\t\t\tvar loc = '&_loc=0&_l=0';\n\t\t\tvar size = '&size=';\n\t\t\tparams = \"&sday=\" + sday + \"&wday=\" + wday + loc;\n\t\t\tparams += '&post_type=' + jQuery('#geodir_calendar_post_type', $container).val();\n\t\t\tparams+= size;\n\t\t\t\t\t\t$gdec_loaded_wp_widget_geodir_event_calendar_69f1c55e1240d = false;\n\t\t\tjQuery(document).ready(function(){\n\t\t\t\tjQuery(window).scroll(function(){\n\t\t\t\t\tif (!$gdec_loaded_wp_widget_geodir_event_calendar_69f1c55e1240d && $container.aui_isOnScreen()) {\n\t\t\t\t\t\tgeodir_event_get_calendar($container, params);\n\t\t\t\t\t\t$gdec_loaded_wp_widget_geodir_event_calendar_69f1c55e1240d = true;\n\t\t\t\t\t}\n\t\t\t\t});\n\n\t\t\t\tif($container.aui_isOnScreen()){\n\t\t\t\t\tgeodir_event_get_calendar($container, params);\n\t\t\t\t\t$gdec_loaded_wp_widget_geodir_event_calendar_69f1c55e1240d = true;\n\t\t\t\t}\n\t\t\t});\n\t\t\t\t\t\t\n\t\t\tvar mnth = 4;\n\t\t\tvar year = 2026;\n\t\t\t\n\t\t\tjQuery(\".geodir_cal_next\", $container).on('click', function() {\n\t\t\t\tmnth++;\n\t\t\t\tif (mnth > 12) {\n\t\t\t\t\tyear++;\n\t\t\t\t\tmnth = 1;\n\t\t\t\t}\n\t\t\t\tparams = \"&mnth=\" + mnth + \"&yr=\" + year + \"&sday=\" + sday + \"&wday=\" + wday + loc + size;\n\t\t\t\tparams += '&post_type=' + jQuery('#geodir_calendar_post_type', $container).val();\n\t\t\t\tgeodir_event_get_calendar($container, params);\n\t\t\t});\n\t\t\t\n\t\t\tjQuery(\".geodir_cal_prev\", $container).on('click', function() {\n\t\t\t\tmnth--;\n\t\t\t\tif (mnth < 1) {\n\t\t\t\t\tyear--;\n\t\t\t\t\tmnth = 12;\n\t\t\t\t}\n\t\t\t\tparams = \"&mnth=\" + mnth + \"&yr=\" + year + \"&sday=\" + sday + \"&wday=\" + wday + loc + size;\n\t\t\t\tparams += '&post_type=' + jQuery('#geodir_calendar_post_type', $container).val();\n\t\t\t\tgeodir_event_get_calendar($container, params);\n\t\t\t});\n\n\t\t\tjQuery(\"#geodir_calendar_post_type\", $container).on('change', function() {\n\t\t\t\tparams = \"&mnth=\" + mnth + \"&yr=\" + year + \"&sday=\" + sday + \"&wday=\" + wday + loc + size;\n\t\t\t\tparams += '&post_type=' + jQuery(this).val();\n\t\t\t\tgeodir_event_get_calendar($container, params);\n\t\t\t});\n\t\t};\n\t}\n\n\tdocument.addEventListener(\"DOMContentLoaded\", function() {\n\t\tif (typeof geodir_event_call_calendar_69f1c55e1240f == 'function') {\n\t\t\tgeodir_event_call_calendar_69f1c55e1240f();\n\t\t}\n\t});\n\t<\/script>\n\t\t<\/span>\t\t\t\t<\/div>\n\t\t\t\t<\/div>\n\t\t\t\t\t<\/div>\n\t\t\t\t<\/div>\n\t\t<div class=\"elementor-element elementor-element-1c14424 e-con-full e-flex e-con e-child\" data-id=\"1c14424\" data-element_type=\"container\" data-e-type=\"container\" data-settings=\"{&quot;background_background&quot;:&quot;classic&quot;,&quot;_ha_eqh_enable&quot;:false}\">\n\t\t<div class=\"elementor-element elementor-element-74f925f e-flex e-con-boxed e-con e-child\" data-id=\"74f925f\" data-element_type=\"container\" data-e-type=\"container\" data-settings=\"{&quot;_ha_eqh_enable&quot;:false}\">\n\t\t\t\t\t<div class=\"e-con-inner\">\n\t\t\t\t<div class=\"elementor-element elementor-element-21fa018 elementor-widget elementor-widget-wp-widget-gd_listings\" data-id=\"21fa018\" data-element_type=\"widget\" data-e-type=\"widget\" data-widget_type=\"wp-widget-gd_listings.default\">\n\t\t\t\t<div class=\"elementor-widget-container\">\n\t\t\t\t\t<span class='geodir-listings bsui sdel-ee6ea2d3' >\t\t<div id=\"geodir_69f1c55e1afca\" class=\"geodir_locations geodir_location_listing\t\t\t\t\t\t\t mb-3 elementor-element elementor-element-9ff57fdx elementor-posts--thumbnail-top elementor-grid-1 elementor-grid-tablet-2 elementor-grid-mobile-1 elementor-widget elementor-widget-posts \t\t position-relative\">\n\t\t\t<div class=\"elementor-posts-container elementor-posts elementor-grid elementor-posts--skin-gd_custom\" style='grid-column-gap: 30px;grid-row-gap: 35px;'>\n\t\t\t<article id=\"post-49731\" class=\"elementor-post elementor-grid-item post-49731 gd_event type-gd_event status-publish has-post-thumbnail hentry gd_eventcategory-messe\">\n\t\t\t\t\t<div data-elementor-type=\"geodirectory-archive-item\" data-elementor-id=\"49708\" class=\"elementor elementor-49708\" data-elementor-settings=\"{&quot;ha_cmc_init_switcher&quot;:&quot;no&quot;}\" data-elementor-post-type=\"elementor_library\">\n\t\t\t<div class=\"elementor-element elementor-element-8a6fd7a e-con-full e-flex e-con e-parent\" data-id=\"8a6fd7a\" data-element_type=\"container\" data-e-type=\"container\" data-settings=\"{&quot;background_background&quot;:&quot;classic&quot;,&quot;_ha_eqh_enable&quot;:false}\">\n\t\t<div class=\"elementor-element elementor-element-f06b312 e-con-full e-flex e-con e-child\" data-id=\"f06b312\" data-element_type=\"container\" data-e-type=\"container\" data-settings=\"{&quot;_ha_eqh_enable&quot;:false}\">\n\t\t<style type=\"text\/css\">#post-49731 .elementor-49708 .elementor-element.elementor-element-b9b8e47:not(.elementor-motion-effects-element-type-background), #post-49731 .elementor-49708 .elementor-element.elementor-element-b9b8e47 > .elementor-motion-effects-container > .elementor-motion-effects-layer{background-image: url(\"https:\/\/druckluft-verzeichnis.de\/wp-content\/uploads\/dachholz-ghm-2.webp\");}<\/style><div data-ha-element-link=\"{&quot;url&quot;:&quot;https:\\\/\\\/druckluft-verzeichnis.de\\\/en\\\/veranstaltungen\\\/deutschland\\\/nordrhein-westfalen\\\/koeln\\\/messe\\\/dach-holz-2026-in-koeln\\\/&quot;,&quot;is_external&quot;:&quot;&quot;,&quot;nofollow&quot;:&quot;&quot;}\" style=\"cursor: pointer\" class=\"elementor-element elementor-element-b9b8e47 e-con-full e-flex e-con e-child\" data-id=\"b9b8e47\" data-element_type=\"container\" data-e-type=\"container\" data-settings=\"{&quot;background_background&quot;:&quot;classic&quot;,&quot;_ha_eqh_enable&quot;:false}\">\n\t\t\t\t<\/div>\n\t\t\t\t<\/div>\n\t\t<div class=\"elementor-element elementor-element-cbfea76 e-con-full e-flex e-con e-child\" data-id=\"cbfea76\" data-element_type=\"container\" data-e-type=\"container\" data-settings=\"{&quot;_ha_eqh_enable&quot;:false}\">\n\t\t<div class=\"elementor-element elementor-element-5f82d11 e-con-full e-flex e-con e-child\" data-id=\"5f82d11\" data-element_type=\"container\" data-e-type=\"container\" data-settings=\"{&quot;_ha_eqh_enable&quot;:false}\">\n\t\t\t\t<div class=\"elementor-element elementor-element-ca27ba7 hlogo elementor-widget elementor-widget-image\" data-id=\"ca27ba7\" data-element_type=\"widget\" data-e-type=\"widget\" data-widget_type=\"image.default\">\n\t\t\t\t\t\t\t\t\t\t\t\t\t\t\t\t<a href=\"https:\/\/druckluft-verzeichnis.de\/en\/veranstaltungen\/deutschland\/nordrhein-westfalen\/koeln\/messe\/dach-holz-2026-in-koeln\/\">\n\t\t\t\t\t\t\t<img decoding=\"async\" src=\"https:\/\/druckluft-verzeichnis.de\/wp-content\/uploads\/dachholz-logo.png\" title=\"\" alt=\"\" loading=\"lazy\" \/>\t\t\t\t\t\t\t\t<\/a>\n\t\t\t\t\t\t\t\t\t\t\t\t\t\t\t<\/div>\n\t\t\t\t<\/div>\n\t\t<div class=\"elementor-element elementor-element-6d07d19 e-con-full e-flex e-con e-child\" data-id=\"6d07d19\" data-element_type=\"container\" data-e-type=\"container\" data-settings=\"{&quot;_ha_eqh_enable&quot;:false}\">\n\t\t\t\t<div class=\"elementor-element elementor-element-dfbb69a elementor-widget elementor-widget-heading\" data-id=\"dfbb69a\" data-element_type=\"widget\" data-e-type=\"widget\" data-widget_type=\"heading.default\">\n\t\t\t\t\t<h2 class=\"elementor-heading-title elementor-size-default\"><a href=\"https:\/\/druckluft-verzeichnis.de\/en\/veranstaltungen\/deutschland\/nordrhein-westfalen\/koeln\/messe\/dach-holz-2026-in-koeln\/\">DACH+HOLZ 2026 in K\u00f6ln<\/a><\/h2>\t\t\t\t<\/div>\n\t\t\t\t<div class=\"elementor-element elementor-element-a6aaf41 elementor-widget elementor-widget-text-editor\" data-id=\"a6aaf41\" data-element_type=\"widget\" data-e-type=\"widget\" data-widget_type=\"text-editor.default\">\n\t\t\t\t\t\t\t\t\tMesse\t\t\t\t\t\t\t\t<\/div>\n\t\t\t\t<\/div>\n\t\t<div class=\"elementor-element elementor-element-762a859 e-con-full e-flex e-con e-child\" data-id=\"762a859\" data-element_type=\"container\" data-e-type=\"container\" data-settings=\"{&quot;_ha_eqh_enable&quot;:false}\">\n\t\t\t\t<div class=\"elementor-element elementor-element-815fd5d elementor-view-default elementor-widget elementor-widget-icon\" data-id=\"815fd5d\" data-element_type=\"widget\" data-e-type=\"widget\" data-widget_type=\"icon.default\">\n\t\t\t\t\t\t\t<div class=\"elementor-icon-wrapper\">\n\t\t\t<div class=\"elementor-icon\">\n\t\t\t<svg aria-hidden=\"true\" class=\"e-font-icon-svg e-fas-calendar-day\" viewbox=\"0 0 448 512\" xmlns=\"http:\/\/www.w3.org\/2000\/svg\"><path d=\"M0 464c0 26.5 21.5 48 48 48h352c26.5 0 48-21.5 48-48V192H0v272zm64-192c0-8.8 7.2-16 16-16h96c8.8 0 16 7.2 16 16v96c0 8.8-7.2 16-16 16H80c-8.8 0-16-7.2-16-16v-96zM400 64h-48V16c0-8.8-7.2-16-16-16h-32c-8.8 0-16 7.2-16 16v48H160V16c0-8.8-7.2-16-16-16h-32c-8.8 0-16 7.2-16 16v48H48C21.5 64 0 85.5 0 112v48h448v-48c0-26.5-21.5-48-48-48z\"><\/path><\/svg>\t\t\t<\/div>\n\t\t<\/div>\n\t\t\t\t\t\t<\/div>\n\t\t\t\t<\/div>\n\t\t<div class=\"elementor-element elementor-element-1d9b302 e-con-full e-flex e-con e-child\" data-id=\"1d9b302\" data-element_type=\"container\" data-e-type=\"container\" data-settings=\"{&quot;_ha_eqh_enable&quot;:false}\">\n\t\t<div class=\"elementor-element elementor-element-ba86fe9 e-con-full e-flex e-con e-child\" data-id=\"ba86fe9\" data-element_type=\"container\" data-e-type=\"container\" data-settings=\"{&quot;_ha_eqh_enable&quot;:false}\">\n\t\t<div class=\"elementor-element elementor-element-10a34df e-con-full e-flex e-con e-child\" data-id=\"10a34df\" data-element_type=\"container\" data-e-type=\"container\" data-settings=\"{&quot;_ha_eqh_enable&quot;:false}\">\n\t\t\t\t<div class=\"elementor-element elementor-element-12958b1 elementor-view-default elementor-widget elementor-widget-icon\" data-id=\"12958b1\" data-element_type=\"widget\" data-e-type=\"widget\" data-widget_type=\"icon.default\">\n\t\t\t\t\t\t\t<div class=\"elementor-icon-wrapper\">\n\t\t\t<div class=\"elementor-icon\">\n\t\t\t<svg aria-hidden=\"true\" class=\"e-font-icon-svg e-fas-map-marker-alt\" viewbox=\"0 0 384 512\" xmlns=\"http:\/\/www.w3.org\/2000\/svg\"><path d=\"M172.268 501.67C26.97 291.031 0 269.413 0 192 0 85.961 85.961 0 192 0s192 85.961 192 192c0 77.413-26.97 99.031-172.268 309.67-9.535 13.774-29.93 13.773-39.464 0zM192 272c44.183 0 80-35.817 80-80s-35.817-80-80-80-80 35.817-80 80 35.817 80 80 80z\"><\/path><\/svg>\t\t\t<\/div>\n\t\t<\/div>\n\t\t\t\t\t\t<\/div>\n\t\t\t\t<div class=\"elementor-element elementor-element-2bcfd47 elementor-widget elementor-widget-wp-widget-gd_post_address\" data-id=\"2bcfd47\" data-element_type=\"widget\" data-e-type=\"widget\" data-widget_type=\"wp-widget-gd_post_address.default\">\n\t\t\t\t<div class=\"elementor-widget-container\">\n\t\t\t\t\t<span class='geodir-post-address-container bsui sdel-fe4ae27d' ><div class=\"geodir_post_meta  text-start text-black fs-xs text-black geodir-field-address\" itemscope itemtype=\"http:\/\/schema.org\/PostalAddress\"><span itemprop=\"addressCountry\">Germany<\/span> - <span itemprop=\"postalCode\">50679<\/span> <span itemprop=\"addressLocality\">K\u00f6ln<\/span><\/div><\/span>\t\t\t\t<\/div>\n\t\t\t\t<\/div>\n\t\t\t\t<\/div>\n\t\t<div class=\"elementor-element elementor-element-a63e6da e-con-full e-flex e-con e-child\" data-id=\"a63e6da\" data-element_type=\"container\" data-e-type=\"container\" data-settings=\"{&quot;_ha_eqh_enable&quot;:false}\">\n\t\t\t\t<\/div>\n\t\t\t\t<\/div>\n\t\t\t\t<\/div>\n\t\t\t\t<\/div>\n\t\t<div class=\"elementor-element elementor-element-c87dd60 e-con-full e-flex e-con e-child\" data-id=\"c87dd60\" data-element_type=\"container\" data-e-type=\"container\" data-settings=\"{&quot;_ha_eqh_enable&quot;:false}\">\n\t\t\t\t<div class=\"elementor-element elementor-element-cd4bf84 detail-premium elementor-view-default elementor-widget elementor-widget-icon\" data-id=\"cd4bf84\" data-element_type=\"widget\" data-e-type=\"widget\" data-widget_type=\"icon.default\">\n\t\t\t\t\t\t\t<div class=\"elementor-icon-wrapper\">\n\t\t\t<a class=\"elementor-icon\" href=\"https:\/\/druckluft-verzeichnis.de\/en\/veranstaltungen\/deutschland\/nordrhein-westfalen\/koeln\/messe\/dach-holz-2026-in-koeln\/\">\n\t\t\t<i aria-hidden=\"true\" class=\"huge huge-circle-arrow-right-02-round\"><\/i>\t\t\t<\/a>\n\t\t<\/div>\n\t\t\t\t\t\t<\/div>\n\t\t\t\t<\/div>\n\t\t\t\t<\/div>\n\t\t\t\t<\/div>\n\t\t\t\t<\/article>\n\t\t\t\t\t<article id=\"post-49675\" class=\"elementor-post elementor-grid-item post-49675 gd_event type-gd_event status-publish has-post-thumbnail hentry gd_eventcategory-messe\">\n\t\t\t\t\t<div data-elementor-type=\"geodirectory-archive-item\" data-elementor-id=\"49708\" class=\"elementor elementor-49708\" data-elementor-settings=\"{&quot;ha_cmc_init_switcher&quot;:&quot;no&quot;}\" data-elementor-post-type=\"elementor_library\">\n\t\t\t<div class=\"elementor-element elementor-element-8a6fd7a e-con-full e-flex e-con e-parent\" data-id=\"8a6fd7a\" data-element_type=\"container\" data-e-type=\"container\" data-settings=\"{&quot;background_background&quot;:&quot;classic&quot;,&quot;_ha_eqh_enable&quot;:false}\">\n\t\t<div class=\"elementor-element elementor-element-f06b312 e-con-full e-flex e-con e-child\" data-id=\"f06b312\" data-element_type=\"container\" data-e-type=\"container\" data-settings=\"{&quot;_ha_eqh_enable&quot;:false}\">\n\t\t<style type=\"text\/css\">#post-49675 .elementor-49708 .elementor-element.elementor-element-b9b8e47:not(.elementor-motion-effects-element-type-background), #post-49675 .elementor-49708 .elementor-element.elementor-element-b9b8e47 > .elementor-motion-effects-container > .elementor-motion-effects-layer{background-image: url(\"https:\/\/druckluft-verzeichnis.de\/wp-content\/uploads\/hannover-messe-eingang.webp\");}<\/style><div data-ha-element-link=\"{&quot;url&quot;:&quot;https:\\\/\\\/druckluft-verzeichnis.de\\\/en\\\/veranstaltungen\\\/deutschland\\\/niedersachsen\\\/hannover\\\/messe\\\/hannover-messe-2026\\\/&quot;,&quot;is_external&quot;:&quot;&quot;,&quot;nofollow&quot;:&quot;&quot;}\" style=\"cursor: pointer\" class=\"elementor-element elementor-element-b9b8e47 e-con-full e-flex e-con e-child\" data-id=\"b9b8e47\" data-element_type=\"container\" data-e-type=\"container\" data-settings=\"{&quot;background_background&quot;:&quot;classic&quot;,&quot;_ha_eqh_enable&quot;:false}\">\n\t\t\t\t<\/div>\n\t\t\t\t<\/div>\n\t\t<div class=\"elementor-element elementor-element-cbfea76 e-con-full e-flex e-con e-child\" data-id=\"cbfea76\" data-element_type=\"container\" data-e-type=\"container\" data-settings=\"{&quot;_ha_eqh_enable&quot;:false}\">\n\t\t<div class=\"elementor-element elementor-element-5f82d11 e-con-full e-flex e-con e-child\" data-id=\"5f82d11\" data-element_type=\"container\" data-e-type=\"container\" data-settings=\"{&quot;_ha_eqh_enable&quot;:false}\">\n\t\t\t\t<div class=\"elementor-element elementor-element-ca27ba7 hlogo elementor-widget elementor-widget-image\" data-id=\"ca27ba7\" data-element_type=\"widget\" data-e-type=\"widget\" data-widget_type=\"image.default\">\n\t\t\t\t\t\t\t\t\t\t\t\t\t\t\t\t<a href=\"https:\/\/druckluft-verzeichnis.de\/en\/veranstaltungen\/deutschland\/niedersachsen\/hannover\/messe\/hannover-messe-2026\/\">\n\t\t\t\t\t\t\t<img decoding=\"async\" src=\"https:\/\/druckluft-verzeichnis.de\/wp-content\/uploads\/hannover-messe-logo.png\" title=\"\" alt=\"\" loading=\"lazy\" \/>\t\t\t\t\t\t\t\t<\/a>\n\t\t\t\t\t\t\t\t\t\t\t\t\t\t\t<\/div>\n\t\t\t\t<\/div>\n\t\t<div class=\"elementor-element elementor-element-6d07d19 e-con-full e-flex e-con e-child\" data-id=\"6d07d19\" data-element_type=\"container\" data-e-type=\"container\" data-settings=\"{&quot;_ha_eqh_enable&quot;:false}\">\n\t\t\t\t<div class=\"elementor-element elementor-element-dfbb69a elementor-widget elementor-widget-heading\" data-id=\"dfbb69a\" data-element_type=\"widget\" data-e-type=\"widget\" data-widget_type=\"heading.default\">\n\t\t\t\t\t<h2 class=\"elementor-heading-title elementor-size-default\"><a href=\"https:\/\/druckluft-verzeichnis.de\/en\/veranstaltungen\/deutschland\/niedersachsen\/hannover\/messe\/hannover-messe-2026\/\">HANNOVER MESSE 2026<\/a><\/h2>\t\t\t\t<\/div>\n\t\t\t\t<div class=\"elementor-element elementor-element-a6aaf41 elementor-widget elementor-widget-text-editor\" data-id=\"a6aaf41\" data-element_type=\"widget\" data-e-type=\"widget\" data-widget_type=\"text-editor.default\">\n\t\t\t\t\t\t\t\t\tMesse\t\t\t\t\t\t\t\t<\/div>\n\t\t\t\t<\/div>\n\t\t<div class=\"elementor-element elementor-element-762a859 e-con-full e-flex e-con e-child\" data-id=\"762a859\" data-element_type=\"container\" data-e-type=\"container\" data-settings=\"{&quot;_ha_eqh_enable&quot;:false}\">\n\t\t\t\t<div class=\"elementor-element elementor-element-815fd5d elementor-view-default elementor-widget elementor-widget-icon\" data-id=\"815fd5d\" data-element_type=\"widget\" data-e-type=\"widget\" data-widget_type=\"icon.default\">\n\t\t\t\t\t\t\t<div class=\"elementor-icon-wrapper\">\n\t\t\t<div class=\"elementor-icon\">\n\t\t\t<svg aria-hidden=\"true\" class=\"e-font-icon-svg e-fas-calendar-day\" viewbox=\"0 0 448 512\" xmlns=\"http:\/\/www.w3.org\/2000\/svg\"><path d=\"M0 464c0 26.5 21.5 48 48 48h352c26.5 0 48-21.5 48-48V192H0v272zm64-192c0-8.8 7.2-16 16-16h96c8.8 0 16 7.2 16 16v96c0 8.8-7.2 16-16 16H80c-8.8 0-16-7.2-16-16v-96zM400 64h-48V16c0-8.8-7.2-16-16-16h-32c-8.8 0-16 7.2-16 16v48H160V16c0-8.8-7.2-16-16-16h-32c-8.8 0-16 7.2-16 16v48H48C21.5 64 0 85.5 0 112v48h448v-48c0-26.5-21.5-48-48-48z\"><\/path><\/svg>\t\t\t<\/div>\n\t\t<\/div>\n\t\t\t\t\t\t<\/div>\n\t\t\t\t<\/div>\n\t\t<div class=\"elementor-element elementor-element-1d9b302 e-con-full e-flex e-con e-child\" data-id=\"1d9b302\" data-element_type=\"container\" data-e-type=\"container\" data-settings=\"{&quot;_ha_eqh_enable&quot;:false}\">\n\t\t<div class=\"elementor-element elementor-element-ba86fe9 e-con-full e-flex e-con e-child\" data-id=\"ba86fe9\" data-element_type=\"container\" data-e-type=\"container\" data-settings=\"{&quot;_ha_eqh_enable&quot;:false}\">\n\t\t<div class=\"elementor-element elementor-element-10a34df e-con-full e-flex e-con e-child\" data-id=\"10a34df\" data-element_type=\"container\" data-e-type=\"container\" data-settings=\"{&quot;_ha_eqh_enable&quot;:false}\">\n\t\t\t\t<div class=\"elementor-element elementor-element-12958b1 elementor-view-default elementor-widget elementor-widget-icon\" data-id=\"12958b1\" data-element_type=\"widget\" data-e-type=\"widget\" data-widget_type=\"icon.default\">\n\t\t\t\t\t\t\t<div class=\"elementor-icon-wrapper\">\n\t\t\t<div class=\"elementor-icon\">\n\t\t\t<svg aria-hidden=\"true\" class=\"e-font-icon-svg e-fas-map-marker-alt\" viewbox=\"0 0 384 512\" xmlns=\"http:\/\/www.w3.org\/2000\/svg\"><path d=\"M172.268 501.67C26.97 291.031 0 269.413 0 192 0 85.961 85.961 0 192 0s192 85.961 192 192c0 77.413-26.97 99.031-172.268 309.67-9.535 13.774-29.93 13.773-39.464 0zM192 272c44.183 0 80-35.817 80-80s-35.817-80-80-80-80 35.817-80 80 35.817 80 80 80z\"><\/path><\/svg>\t\t\t<\/div>\n\t\t<\/div>\n\t\t\t\t\t\t<\/div>\n\t\t\t\t<div class=\"elementor-element elementor-element-2bcfd47 elementor-widget elementor-widget-wp-widget-gd_post_address\" data-id=\"2bcfd47\" data-element_type=\"widget\" data-e-type=\"widget\" data-widget_type=\"wp-widget-gd_post_address.default\">\n\t\t\t\t<div class=\"elementor-widget-container\">\n\t\t\t\t\t<span class='geodir-post-address-container bsui sdel-fe4ae27d' ><div class=\"geodir_post_meta  text-start text-black fs-xs text-black geodir-field-address\" itemscope itemtype=\"http:\/\/schema.org\/PostalAddress\"><span itemprop=\"addressCountry\">Germany<\/span> - <span itemprop=\"postalCode\">30521<\/span> <span itemprop=\"addressLocality\">Hannover<\/span><\/div><\/span>\t\t\t\t<\/div>\n\t\t\t\t<\/div>\n\t\t\t\t<\/div>\n\t\t<div class=\"elementor-element elementor-element-a63e6da e-con-full e-flex e-con e-child\" data-id=\"a63e6da\" data-element_type=\"container\" data-e-type=\"container\" data-settings=\"{&quot;_ha_eqh_enable&quot;:false}\">\n\t\t\t\t<\/div>\n\t\t\t\t<\/div>\n\t\t\t\t<\/div>\n\t\t\t\t<\/div>\n\t\t<div class=\"elementor-element elementor-element-c87dd60 e-con-full e-flex e-con e-child\" data-id=\"c87dd60\" data-element_type=\"container\" data-e-type=\"container\" data-settings=\"{&quot;_ha_eqh_enable&quot;:false}\">\n\t\t\t\t<div class=\"elementor-element elementor-element-cd4bf84 detail-premium elementor-view-default elementor-widget elementor-widget-icon\" data-id=\"cd4bf84\" data-element_type=\"widget\" data-e-type=\"widget\" data-widget_type=\"icon.default\">\n\t\t\t\t\t\t\t<div class=\"elementor-icon-wrapper\">\n\t\t\t<a class=\"elementor-icon\" href=\"https:\/\/druckluft-verzeichnis.de\/en\/veranstaltungen\/deutschland\/niedersachsen\/hannover\/messe\/hannover-messe-2026\/\">\n\t\t\t<i aria-hidden=\"true\" class=\"huge huge-circle-arrow-right-02-round\"><\/i>\t\t\t<\/a>\n\t\t<\/div>\n\t\t\t\t\t\t<\/div>\n\t\t\t\t<\/div>\n\t\t\t\t<\/div>\n\t\t\t\t<\/div>\n\t\t\t\t<\/article>\n\t\t\t\t\t<article id=\"post-49813\" class=\"elementor-post elementor-grid-item post-49813 gd_event type-gd_event status-publish has-post-thumbnail hentry gd_eventcategory-messe\">\n\t\t\t\t\t<div data-elementor-type=\"geodirectory-archive-item\" data-elementor-id=\"49708\" class=\"elementor elementor-49708\" data-elementor-settings=\"{&quot;ha_cmc_init_switcher&quot;:&quot;no&quot;}\" data-elementor-post-type=\"elementor_library\">\n\t\t\t<div class=\"elementor-element elementor-element-8a6fd7a e-con-full e-flex e-con e-parent\" data-id=\"8a6fd7a\" data-element_type=\"container\" data-e-type=\"container\" data-settings=\"{&quot;background_background&quot;:&quot;classic&quot;,&quot;_ha_eqh_enable&quot;:false}\">\n\t\t<div class=\"elementor-element elementor-element-f06b312 e-con-full e-flex e-con e-child\" data-id=\"f06b312\" data-element_type=\"container\" data-e-type=\"container\" data-settings=\"{&quot;_ha_eqh_enable&quot;:false}\">\n\t\t<style type=\"text\/css\">#post-49813 .elementor-49708 .elementor-element.elementor-element-b9b8e47:not(.elementor-motion-effects-element-type-background), #post-49813 .elementor-49708 .elementor-element.elementor-element-b9b8e47 > .elementor-motion-effects-container > .elementor-motion-effects-layer{background-image: url(\"https:\/\/druckluft-verzeichnis.de\/wp-content\/uploads\/ifat-3.webp\");}<\/style><div data-ha-element-link=\"{&quot;url&quot;:&quot;https:\\\/\\\/druckluft-verzeichnis.de\\\/en\\\/veranstaltungen\\\/deutschland\\\/bayern\\\/muenchen\\\/messe\\\/ifat-munich-2026-umweltmesse\\\/&quot;,&quot;is_external&quot;:&quot;&quot;,&quot;nofollow&quot;:&quot;&quot;}\" style=\"cursor: pointer\" class=\"elementor-element elementor-element-b9b8e47 e-con-full e-flex e-con e-child\" data-id=\"b9b8e47\" data-element_type=\"container\" data-e-type=\"container\" data-settings=\"{&quot;background_background&quot;:&quot;classic&quot;,&quot;_ha_eqh_enable&quot;:false}\">\n\t\t\t\t<\/div>\n\t\t\t\t<\/div>\n\t\t<div class=\"elementor-element elementor-element-cbfea76 e-con-full e-flex e-con e-child\" data-id=\"cbfea76\" data-element_type=\"container\" data-e-type=\"container\" data-settings=\"{&quot;_ha_eqh_enable&quot;:false}\">\n\t\t<div class=\"elementor-element elementor-element-5f82d11 e-con-full e-flex e-con e-child\" data-id=\"5f82d11\" data-element_type=\"container\" data-e-type=\"container\" data-settings=\"{&quot;_ha_eqh_enable&quot;:false}\">\n\t\t\t\t<div class=\"elementor-element elementor-element-ca27ba7 hlogo elementor-widget elementor-widget-image\" data-id=\"ca27ba7\" data-element_type=\"widget\" data-e-type=\"widget\" data-widget_type=\"image.default\">\n\t\t\t\t\t\t\t\t\t\t\t\t\t\t\t\t<a href=\"https:\/\/druckluft-verzeichnis.de\/en\/veranstaltungen\/deutschland\/bayern\/muenchen\/messe\/ifat-munich-2026-umweltmesse\/\">\n\t\t\t\t\t\t\t<img decoding=\"async\" src=\"https:\/\/druckluft-verzeichnis.de\/wp-content\/uploads\/IFAT-Logo-Munich.webp\" title=\"\" alt=\"\" loading=\"lazy\" \/>\t\t\t\t\t\t\t\t<\/a>\n\t\t\t\t\t\t\t\t\t\t\t\t\t\t\t<\/div>\n\t\t\t\t<\/div>\n\t\t<div class=\"elementor-element elementor-element-6d07d19 e-con-full e-flex e-con e-child\" data-id=\"6d07d19\" data-element_type=\"container\" data-e-type=\"container\" data-settings=\"{&quot;_ha_eqh_enable&quot;:false}\">\n\t\t\t\t<div class=\"elementor-element elementor-element-dfbb69a elementor-widget elementor-widget-heading\" data-id=\"dfbb69a\" data-element_type=\"widget\" data-e-type=\"widget\" data-widget_type=\"heading.default\">\n\t\t\t\t\t<h2 class=\"elementor-heading-title elementor-size-default\"><a href=\"https:\/\/druckluft-verzeichnis.de\/en\/veranstaltungen\/deutschland\/bayern\/muenchen\/messe\/ifat-munich-2026-umweltmesse\/\">IFAT Munich 2026 Umweltmesse<\/a><\/h2>\t\t\t\t<\/div>\n\t\t\t\t<div class=\"elementor-element elementor-element-a6aaf41 elementor-widget elementor-widget-text-editor\" data-id=\"a6aaf41\" data-element_type=\"widget\" data-e-type=\"widget\" data-widget_type=\"text-editor.default\">\n\t\t\t\t\t\t\t\t\tMesse\t\t\t\t\t\t\t\t<\/div>\n\t\t\t\t<\/div>\n\t\t<div class=\"elementor-element elementor-element-762a859 e-con-full e-flex e-con e-child\" data-id=\"762a859\" data-element_type=\"container\" data-e-type=\"container\" data-settings=\"{&quot;_ha_eqh_enable&quot;:false}\">\n\t\t\t\t<div class=\"elementor-element elementor-element-815fd5d elementor-view-default elementor-widget elementor-widget-icon\" data-id=\"815fd5d\" data-element_type=\"widget\" data-e-type=\"widget\" data-widget_type=\"icon.default\">\n\t\t\t\t\t\t\t<div class=\"elementor-icon-wrapper\">\n\t\t\t<div class=\"elementor-icon\">\n\t\t\t<svg aria-hidden=\"true\" class=\"e-font-icon-svg e-fas-calendar-day\" viewbox=\"0 0 448 512\" xmlns=\"http:\/\/www.w3.org\/2000\/svg\"><path d=\"M0 464c0 26.5 21.5 48 48 48h352c26.5 0 48-21.5 48-48V192H0v272zm64-192c0-8.8 7.2-16 16-16h96c8.8 0 16 7.2 16 16v96c0 8.8-7.2 16-16 16H80c-8.8 0-16-7.2-16-16v-96zM400 64h-48V16c0-8.8-7.2-16-16-16h-32c-8.8 0-16 7.2-16 16v48H160V16c0-8.8-7.2-16-16-16h-32c-8.8 0-16 7.2-16 16v48H48C21.5 64 0 85.5 0 112v48h448v-48c0-26.5-21.5-48-48-48z\"><\/path><\/svg>\t\t\t<\/div>\n\t\t<\/div>\n\t\t\t\t\t\t<\/div>\n\t\t\t\t<div class=\"elementor-element elementor-element-9a37aa9 elementor-widget elementor-widget-wp-widget-geodir_event_schedules\" data-id=\"9a37aa9\" data-element_type=\"widget\" data-e-type=\"widget\" data-widget_type=\"wp-widget-geodir_event_schedules.default\">\n\t\t\t\t<div class=\"elementor-widget-container\">\n\t\t\t\t\t<span class='geodir-event-schedules bsui sdel-5dfc1579' ><div class=\"geodir-schedule-rows list-group list-group-flush\"><div class=\"geodir-schedule-row list-group-item px-0 py-2\">04.05.2026 - 07.05.2026<\/div><\/div><\/span>\t\t\t\t<\/div>\n\t\t\t\t<\/div>\n\t\t\t\t<\/div>\n\t\t<div class=\"elementor-element elementor-element-1d9b302 e-con-full e-flex e-con e-child\" data-id=\"1d9b302\" data-element_type=\"container\" data-e-type=\"container\" data-settings=\"{&quot;_ha_eqh_enable&quot;:false}\">\n\t\t<div class=\"elementor-element elementor-element-ba86fe9 e-con-full e-flex e-con e-child\" data-id=\"ba86fe9\" data-element_type=\"container\" data-e-type=\"container\" data-settings=\"{&quot;_ha_eqh_enable&quot;:false}\">\n\t\t<div class=\"elementor-element elementor-element-10a34df e-con-full e-flex e-con e-child\" data-id=\"10a34df\" data-element_type=\"container\" data-e-type=\"container\" data-settings=\"{&quot;_ha_eqh_enable&quot;:false}\">\n\t\t\t\t<div class=\"elementor-element elementor-element-12958b1 elementor-view-default elementor-widget elementor-widget-icon\" data-id=\"12958b1\" data-element_type=\"widget\" data-e-type=\"widget\" data-widget_type=\"icon.default\">\n\t\t\t\t\t\t\t<div class=\"elementor-icon-wrapper\">\n\t\t\t<div class=\"elementor-icon\">\n\t\t\t<svg aria-hidden=\"true\" class=\"e-font-icon-svg e-fas-map-marker-alt\" viewbox=\"0 0 384 512\" xmlns=\"http:\/\/www.w3.org\/2000\/svg\"><path d=\"M172.268 501.67C26.97 291.031 0 269.413 0 192 0 85.961 85.961 0 192 0s192 85.961 192 192c0 77.413-26.97 99.031-172.268 309.67-9.535 13.774-29.93 13.773-39.464 0zM192 272c44.183 0 80-35.817 80-80s-35.817-80-80-80-80 35.817-80 80 35.817 80 80 80z\"><\/path><\/svg>\t\t\t<\/div>\n\t\t<\/div>\n\t\t\t\t\t\t<\/div>\n\t\t\t\t<div class=\"elementor-element elementor-element-2bcfd47 elementor-widget elementor-widget-wp-widget-gd_post_address\" data-id=\"2bcfd47\" data-element_type=\"widget\" data-e-type=\"widget\" data-widget_type=\"wp-widget-gd_post_address.default\">\n\t\t\t\t<div class=\"elementor-widget-container\">\n\t\t\t\t\t<span class='geodir-post-address-container bsui sdel-fe4ae27d' ><div class=\"geodir_post_meta  text-start text-black fs-xs text-black geodir-field-address\" itemscope itemtype=\"http:\/\/schema.org\/PostalAddress\"><span itemprop=\"addressCountry\">Germany<\/span> - <span itemprop=\"postalCode\">81829<\/span> <span itemprop=\"addressLocality\">M\u00fcnchen<\/span><\/div><\/span>\t\t\t\t<\/div>\n\t\t\t\t<\/div>\n\t\t\t\t<\/div>\n\t\t<div class=\"elementor-element elementor-element-a63e6da e-con-full e-flex e-con e-child\" data-id=\"a63e6da\" data-element_type=\"container\" data-e-type=\"container\" data-settings=\"{&quot;_ha_eqh_enable&quot;:false}\">\n\t\t\t\t<\/div>\n\t\t\t\t<\/div>\n\t\t\t\t<\/div>\n\t\t\t\t<\/div>\n\t\t<div class=\"elementor-element elementor-element-c87dd60 e-con-full e-flex e-con e-child\" data-id=\"c87dd60\" data-element_type=\"container\" data-e-type=\"container\" data-settings=\"{&quot;_ha_eqh_enable&quot;:false}\">\n\t\t\t\t<div class=\"elementor-element elementor-element-cd4bf84 detail-premium elementor-view-default elementor-widget elementor-widget-icon\" data-id=\"cd4bf84\" data-element_type=\"widget\" data-e-type=\"widget\" data-widget_type=\"icon.default\">\n\t\t\t\t\t\t\t<div class=\"elementor-icon-wrapper\">\n\t\t\t<a class=\"elementor-icon\" href=\"https:\/\/druckluft-verzeichnis.de\/en\/veranstaltungen\/deutschland\/bayern\/muenchen\/messe\/ifat-munich-2026-umweltmesse\/\">\n\t\t\t<i aria-hidden=\"true\" class=\"huge huge-circle-arrow-right-02-round\"><\/i>\t\t\t<\/a>\n\t\t<\/div>\n\t\t\t\t\t\t<\/div>\n\t\t\t\t<\/div>\n\t\t\t\t<\/div>\n\t\t\t\t<\/div>\n\t\t\t\t<\/article>\n\t\t\t\t\t<article id=\"post-52479\" class=\"elementor-post elementor-grid-item post-52479 gd_event type-gd_event status-publish has-post-thumbnail hentry gd_eventcategory-messe\">\n\t\t\t\t\t<div data-elementor-type=\"geodirectory-archive-item\" data-elementor-id=\"49708\" class=\"elementor elementor-49708\" data-elementor-settings=\"{&quot;ha_cmc_init_switcher&quot;:&quot;no&quot;}\" data-elementor-post-type=\"elementor_library\">\n\t\t\t<div class=\"elementor-element elementor-element-8a6fd7a e-con-full e-flex e-con e-parent\" data-id=\"8a6fd7a\" data-element_type=\"container\" data-e-type=\"container\" data-settings=\"{&quot;background_background&quot;:&quot;classic&quot;,&quot;_ha_eqh_enable&quot;:false}\">\n\t\t<div class=\"elementor-element elementor-element-f06b312 e-con-full e-flex e-con e-child\" data-id=\"f06b312\" data-element_type=\"container\" data-e-type=\"container\" data-settings=\"{&quot;_ha_eqh_enable&quot;:false}\">\n\t\t<style type=\"text\/css\">#post-52479 .elementor-49708 .elementor-element.elementor-element-b9b8e47:not(.elementor-motion-effects-element-type-background), #post-52479 .elementor-49708 .elementor-element.elementor-element-b9b8e47 > .elementor-motion-effects-container > .elementor-motion-effects-layer{background-image: url(\"https:\/\/druckluft-verzeichnis.de\/wp-content\/uploads\/amb-messe-stuttgart-eingang.webp\");}<\/style><div data-ha-element-link=\"{&quot;url&quot;:&quot;https:\\\/\\\/druckluft-verzeichnis.de\\\/en\\\/veranstaltungen\\\/deutschland\\\/baden-wuerttemberg\\\/stuttgart\\\/messe\\\/amb-2026-stuttgart-fachmesse-fuer-metallbearbeitung\\\/&quot;,&quot;is_external&quot;:&quot;&quot;,&quot;nofollow&quot;:&quot;&quot;}\" style=\"cursor: pointer\" class=\"elementor-element elementor-element-b9b8e47 e-con-full e-flex e-con e-child\" data-id=\"b9b8e47\" data-element_type=\"container\" data-e-type=\"container\" data-settings=\"{&quot;background_background&quot;:&quot;classic&quot;,&quot;_ha_eqh_enable&quot;:false}\">\n\t\t\t\t<\/div>\n\t\t\t\t<\/div>\n\t\t<div class=\"elementor-element elementor-element-cbfea76 e-con-full e-flex e-con e-child\" data-id=\"cbfea76\" data-element_type=\"container\" data-e-type=\"container\" data-settings=\"{&quot;_ha_eqh_enable&quot;:false}\">\n\t\t<div class=\"elementor-element elementor-element-5f82d11 e-con-full e-flex e-con e-child\" data-id=\"5f82d11\" data-element_type=\"container\" data-e-type=\"container\" data-settings=\"{&quot;_ha_eqh_enable&quot;:false}\">\n\t\t\t\t<div class=\"elementor-element elementor-element-ca27ba7 hlogo elementor-widget elementor-widget-image\" data-id=\"ca27ba7\" data-element_type=\"widget\" data-e-type=\"widget\" data-widget_type=\"image.default\">\n\t\t\t\t\t\t\t\t\t\t\t\t\t\t\t\t<a href=\"https:\/\/druckluft-verzeichnis.de\/en\/veranstaltungen\/deutschland\/baden-wuerttemberg\/stuttgart\/messe\/amb-2026-stuttgart-fachmesse-fuer-metallbearbeitung\/\">\n\t\t\t\t\t\t\t<img decoding=\"async\" src=\"https:\/\/druckluft-verzeichnis.de\/wp-content\/uploads\/AMBLogo-messe-stuttgat.webp\" title=\"\" alt=\"\" loading=\"lazy\" \/>\t\t\t\t\t\t\t\t<\/a>\n\t\t\t\t\t\t\t\t\t\t\t\t\t\t\t<\/div>\n\t\t\t\t<\/div>\n\t\t<div class=\"elementor-element elementor-element-6d07d19 e-con-full e-flex e-con e-child\" data-id=\"6d07d19\" data-element_type=\"container\" data-e-type=\"container\" data-settings=\"{&quot;_ha_eqh_enable&quot;:false}\">\n\t\t\t\t<div class=\"elementor-element elementor-element-dfbb69a elementor-widget elementor-widget-heading\" data-id=\"dfbb69a\" data-element_type=\"widget\" data-e-type=\"widget\" data-widget_type=\"heading.default\">\n\t\t\t\t\t<h2 class=\"elementor-heading-title elementor-size-default\"><a href=\"https:\/\/druckluft-verzeichnis.de\/en\/veranstaltungen\/deutschland\/baden-wuerttemberg\/stuttgart\/messe\/amb-2026-stuttgart-fachmesse-fuer-metallbearbeitung\/\">AMB 2026 in Stuttgart Fachmesse f\u00fcr Metallbearbeitung<\/a><\/h2>\t\t\t\t<\/div>\n\t\t\t\t<div class=\"elementor-element elementor-element-a6aaf41 elementor-widget elementor-widget-text-editor\" data-id=\"a6aaf41\" data-element_type=\"widget\" data-e-type=\"widget\" data-widget_type=\"text-editor.default\">\n\t\t\t\t\t\t\t\t\tMesse\t\t\t\t\t\t\t\t<\/div>\n\t\t\t\t<\/div>\n\t\t<div class=\"elementor-element elementor-element-762a859 e-con-full e-flex e-con e-child\" data-id=\"762a859\" data-element_type=\"container\" data-e-type=\"container\" data-settings=\"{&quot;_ha_eqh_enable&quot;:false}\">\n\t\t\t\t<div class=\"elementor-element elementor-element-815fd5d elementor-view-default elementor-widget elementor-widget-icon\" data-id=\"815fd5d\" data-element_type=\"widget\" data-e-type=\"widget\" data-widget_type=\"icon.default\">\n\t\t\t\t\t\t\t<div class=\"elementor-icon-wrapper\">\n\t\t\t<div class=\"elementor-icon\">\n\t\t\t<svg aria-hidden=\"true\" class=\"e-font-icon-svg e-fas-calendar-day\" viewbox=\"0 0 448 512\" xmlns=\"http:\/\/www.w3.org\/2000\/svg\"><path d=\"M0 464c0 26.5 21.5 48 48 48h352c26.5 0 48-21.5 48-48V192H0v272zm64-192c0-8.8 7.2-16 16-16h96c8.8 0 16 7.2 16 16v96c0 8.8-7.2 16-16 16H80c-8.8 0-16-7.2-16-16v-96zM400 64h-48V16c0-8.8-7.2-16-16-16h-32c-8.8 0-16 7.2-16 16v48H160V16c0-8.8-7.2-16-16-16h-32c-8.8 0-16 7.2-16 16v48H48C21.5 64 0 85.5 0 112v48h448v-48c0-26.5-21.5-48-48-48z\"><\/path><\/svg>\t\t\t<\/div>\n\t\t<\/div>\n\t\t\t\t\t\t<\/div>\n\t\t\t\t<div class=\"elementor-element elementor-element-9a37aa9 elementor-widget elementor-widget-wp-widget-geodir_event_schedules\" data-id=\"9a37aa9\" data-element_type=\"widget\" data-e-type=\"widget\" data-widget_type=\"wp-widget-geodir_event_schedules.default\">\n\t\t\t\t<div class=\"elementor-widget-container\">\n\t\t\t\t\t<span class='geodir-event-schedules bsui sdel-5dfc1579' ><div class=\"geodir-schedule-rows list-group list-group-flush\"><div class=\"geodir-schedule-row list-group-item px-0 py-2\">15.09.2026 - 19.09.2026<\/div><\/div><\/span>\t\t\t\t<\/div>\n\t\t\t\t<\/div>\n\t\t\t\t<\/div>\n\t\t<div class=\"elementor-element elementor-element-1d9b302 e-con-full e-flex e-con e-child\" data-id=\"1d9b302\" data-element_type=\"container\" data-e-type=\"container\" data-settings=\"{&quot;_ha_eqh_enable&quot;:false}\">\n\t\t<div class=\"elementor-element elementor-element-ba86fe9 e-con-full e-flex e-con e-child\" data-id=\"ba86fe9\" data-element_type=\"container\" data-e-type=\"container\" data-settings=\"{&quot;_ha_eqh_enable&quot;:false}\">\n\t\t<div class=\"elementor-element elementor-element-10a34df e-con-full e-flex e-con e-child\" data-id=\"10a34df\" data-element_type=\"container\" data-e-type=\"container\" data-settings=\"{&quot;_ha_eqh_enable&quot;:false}\">\n\t\t\t\t<div class=\"elementor-element elementor-element-12958b1 elementor-view-default elementor-widget elementor-widget-icon\" data-id=\"12958b1\" data-element_type=\"widget\" data-e-type=\"widget\" data-widget_type=\"icon.default\">\n\t\t\t\t\t\t\t<div class=\"elementor-icon-wrapper\">\n\t\t\t<div class=\"elementor-icon\">\n\t\t\t<svg aria-hidden=\"true\" class=\"e-font-icon-svg e-fas-map-marker-alt\" viewbox=\"0 0 384 512\" xmlns=\"http:\/\/www.w3.org\/2000\/svg\"><path d=\"M172.268 501.67C26.97 291.031 0 269.413 0 192 0 85.961 85.961 0 192 0s192 85.961 192 192c0 77.413-26.97 99.031-172.268 309.67-9.535 13.774-29.93 13.773-39.464 0zM192 272c44.183 0 80-35.817 80-80s-35.817-80-80-80-80 35.817-80 80 35.817 80 80 80z\"><\/path><\/svg>\t\t\t<\/div>\n\t\t<\/div>\n\t\t\t\t\t\t<\/div>\n\t\t\t\t<div class=\"elementor-element elementor-element-2bcfd47 elementor-widget elementor-widget-wp-widget-gd_post_address\" data-id=\"2bcfd47\" data-element_type=\"widget\" data-e-type=\"widget\" data-widget_type=\"wp-widget-gd_post_address.default\">\n\t\t\t\t<div class=\"elementor-widget-container\">\n\t\t\t\t\t<span class='geodir-post-address-container bsui sdel-fe4ae27d' ><div class=\"geodir_post_meta  text-start text-black fs-xs text-black geodir-field-address\" itemscope itemtype=\"http:\/\/schema.org\/PostalAddress\"><span itemprop=\"addressCountry\">Germany<\/span> - <span itemprop=\"postalCode\">70629<\/span> <span itemprop=\"addressLocality\">Stuttgart<\/span><\/div><\/span>\t\t\t\t<\/div>\n\t\t\t\t<\/div>\n\t\t\t\t<\/div>\n\t\t<div class=\"elementor-element elementor-element-a63e6da e-con-full e-flex e-con e-child\" data-id=\"a63e6da\" data-element_type=\"container\" data-e-type=\"container\" data-settings=\"{&quot;_ha_eqh_enable&quot;:false}\">\n\t\t\t\t<\/div>\n\t\t\t\t<\/div>\n\t\t\t\t<\/div>\n\t\t\t\t<\/div>\n\t\t<div class=\"elementor-element elementor-element-c87dd60 e-con-full e-flex e-con e-child\" data-id=\"c87dd60\" data-element_type=\"container\" data-e-type=\"container\" data-settings=\"{&quot;_ha_eqh_enable&quot;:false}\">\n\t\t\t\t<div class=\"elementor-element elementor-element-cd4bf84 detail-premium elementor-view-default elementor-widget elementor-widget-icon\" data-id=\"cd4bf84\" data-element_type=\"widget\" data-e-type=\"widget\" data-widget_type=\"icon.default\">\n\t\t\t\t\t\t\t<div class=\"elementor-icon-wrapper\">\n\t\t\t<a class=\"elementor-icon\" href=\"https:\/\/druckluft-verzeichnis.de\/en\/veranstaltungen\/deutschland\/baden-wuerttemberg\/stuttgart\/messe\/amb-2026-stuttgart-fachmesse-fuer-metallbearbeitung\/\">\n\t\t\t<i aria-hidden=\"true\" class=\"huge huge-circle-arrow-right-02-round\"><\/i>\t\t\t<\/a>\n\t\t<\/div>\n\t\t\t\t\t\t<\/div>\n\t\t\t\t<\/div>\n\t\t\t\t<\/div>\n\t\t\t\t<\/div>\n\t\t\t\t<\/article>\n\t\t\t\t\t<article id=\"post-49824\" class=\"elementor-post elementor-grid-item post-49824 gd_event type-gd_event status-publish has-post-thumbnail hentry gd_eventcategory-messe\">\n\t\t\t\t\t<div data-elementor-type=\"geodirectory-archive-item\" data-elementor-id=\"49708\" class=\"elementor elementor-49708\" data-elementor-settings=\"{&quot;ha_cmc_init_switcher&quot;:&quot;no&quot;}\" data-elementor-post-type=\"elementor_library\">\n\t\t\t<div class=\"elementor-element elementor-element-8a6fd7a e-con-full e-flex e-con e-parent\" data-id=\"8a6fd7a\" data-element_type=\"container\" data-e-type=\"container\" data-settings=\"{&quot;background_background&quot;:&quot;classic&quot;,&quot;_ha_eqh_enable&quot;:false}\">\n\t\t<div class=\"elementor-element elementor-element-f06b312 e-con-full e-flex e-con e-child\" data-id=\"f06b312\" data-element_type=\"container\" data-e-type=\"container\" data-settings=\"{&quot;_ha_eqh_enable&quot;:false}\">\n\t\t<style type=\"text\/css\">#post-49824 .elementor-49708 .elementor-element.elementor-element-b9b8e47:not(.elementor-motion-effects-element-type-background), #post-49824 .elementor-49708 .elementor-element.elementor-element-b9b8e47 > .elementor-motion-effects-container > .elementor-motion-effects-layer{background-image: url(\"https:\/\/druckluft-verzeichnis.de\/wp-content\/uploads\/powtech-technopharm-2026-messe.webp\");}<\/style><div data-ha-element-link=\"{&quot;url&quot;:&quot;https:\\\/\\\/druckluft-verzeichnis.de\\\/en\\\/veranstaltungen\\\/deutschland\\\/bayern\\\/nuernberg\\\/messe\\\/powtech-technopharm-2026\\\/&quot;,&quot;is_external&quot;:&quot;&quot;,&quot;nofollow&quot;:&quot;&quot;}\" style=\"cursor: pointer\" class=\"elementor-element elementor-element-b9b8e47 e-con-full e-flex e-con e-child\" data-id=\"b9b8e47\" data-element_type=\"container\" data-e-type=\"container\" data-settings=\"{&quot;background_background&quot;:&quot;classic&quot;,&quot;_ha_eqh_enable&quot;:false}\">\n\t\t\t\t<\/div>\n\t\t\t\t<\/div>\n\t\t<div class=\"elementor-element elementor-element-cbfea76 e-con-full e-flex e-con e-child\" data-id=\"cbfea76\" data-element_type=\"container\" data-e-type=\"container\" data-settings=\"{&quot;_ha_eqh_enable&quot;:false}\">\n\t\t<div class=\"elementor-element elementor-element-5f82d11 e-con-full e-flex e-con e-child\" data-id=\"5f82d11\" data-element_type=\"container\" data-e-type=\"container\" data-settings=\"{&quot;_ha_eqh_enable&quot;:false}\">\n\t\t\t\t<div class=\"elementor-element elementor-element-ca27ba7 hlogo elementor-widget elementor-widget-image\" data-id=\"ca27ba7\" data-element_type=\"widget\" data-e-type=\"widget\" data-widget_type=\"image.default\">\n\t\t\t\t\t\t\t\t\t\t\t\t\t\t\t\t<a href=\"https:\/\/druckluft-verzeichnis.de\/en\/veranstaltungen\/deutschland\/bayern\/nuernberg\/messe\/powtech-technopharm-2026\/\">\n\t\t\t\t\t\t\t<img decoding=\"async\" src=\"https:\/\/druckluft-verzeichnis.de\/wp-content\/uploads\/powtech-technopharm-logo.webp\" title=\"\" alt=\"\" loading=\"lazy\" \/>\t\t\t\t\t\t\t\t<\/a>\n\t\t\t\t\t\t\t\t\t\t\t\t\t\t\t<\/div>\n\t\t\t\t<\/div>\n\t\t<div class=\"elementor-element elementor-element-6d07d19 e-con-full e-flex e-con e-child\" data-id=\"6d07d19\" data-element_type=\"container\" data-e-type=\"container\" data-settings=\"{&quot;_ha_eqh_enable&quot;:false}\">\n\t\t\t\t<div class=\"elementor-element elementor-element-dfbb69a elementor-widget elementor-widget-heading\" data-id=\"dfbb69a\" data-element_type=\"widget\" data-e-type=\"widget\" data-widget_type=\"heading.default\">\n\t\t\t\t\t<h2 class=\"elementor-heading-title elementor-size-default\"><a href=\"https:\/\/druckluft-verzeichnis.de\/en\/veranstaltungen\/deutschland\/bayern\/nuernberg\/messe\/powtech-technopharm-2026\/\">POWTECH TECHNOPHARM 2026<\/a><\/h2>\t\t\t\t<\/div>\n\t\t\t\t<div class=\"elementor-element elementor-element-a6aaf41 elementor-widget elementor-widget-text-editor\" data-id=\"a6aaf41\" data-element_type=\"widget\" data-e-type=\"widget\" data-widget_type=\"text-editor.default\">\n\t\t\t\t\t\t\t\t\tMesse\t\t\t\t\t\t\t\t<\/div>\n\t\t\t\t<\/div>\n\t\t<div class=\"elementor-element elementor-element-762a859 e-con-full e-flex e-con e-child\" data-id=\"762a859\" data-element_type=\"container\" data-e-type=\"container\" data-settings=\"{&quot;_ha_eqh_enable&quot;:false}\">\n\t\t\t\t<div class=\"elementor-element elementor-element-815fd5d elementor-view-default elementor-widget elementor-widget-icon\" data-id=\"815fd5d\" data-element_type=\"widget\" data-e-type=\"widget\" data-widget_type=\"icon.default\">\n\t\t\t\t\t\t\t<div class=\"elementor-icon-wrapper\">\n\t\t\t<div class=\"elementor-icon\">\n\t\t\t<svg aria-hidden=\"true\" class=\"e-font-icon-svg e-fas-calendar-day\" viewbox=\"0 0 448 512\" xmlns=\"http:\/\/www.w3.org\/2000\/svg\"><path d=\"M0 464c0 26.5 21.5 48 48 48h352c26.5 0 48-21.5 48-48V192H0v272zm64-192c0-8.8 7.2-16 16-16h96c8.8 0 16 7.2 16 16v96c0 8.8-7.2 16-16 16H80c-8.8 0-16-7.2-16-16v-96zM400 64h-48V16c0-8.8-7.2-16-16-16h-32c-8.8 0-16 7.2-16 16v48H160V16c0-8.8-7.2-16-16-16h-32c-8.8 0-16 7.2-16 16v48H48C21.5 64 0 85.5 0 112v48h448v-48c0-26.5-21.5-48-48-48z\"><\/path><\/svg>\t\t\t<\/div>\n\t\t<\/div>\n\t\t\t\t\t\t<\/div>\n\t\t\t\t<div class=\"elementor-element elementor-element-9a37aa9 elementor-widget elementor-widget-wp-widget-geodir_event_schedules\" data-id=\"9a37aa9\" data-element_type=\"widget\" data-e-type=\"widget\" data-widget_type=\"wp-widget-geodir_event_schedules.default\">\n\t\t\t\t<div class=\"elementor-widget-container\">\n\t\t\t\t\t<span class='geodir-event-schedules bsui sdel-5dfc1579' ><div class=\"geodir-schedule-rows list-group list-group-flush\"><div class=\"geodir-schedule-row list-group-item px-0 py-2\">29.09.2026 - 01.10.2026<\/div><\/div><\/span>\t\t\t\t<\/div>\n\t\t\t\t<\/div>\n\t\t\t\t<\/div>\n\t\t<div class=\"elementor-element elementor-element-1d9b302 e-con-full e-flex e-con e-child\" data-id=\"1d9b302\" data-element_type=\"container\" data-e-type=\"container\" data-settings=\"{&quot;_ha_eqh_enable&quot;:false}\">\n\t\t<div class=\"elementor-element elementor-element-ba86fe9 e-con-full e-flex e-con e-child\" data-id=\"ba86fe9\" data-element_type=\"container\" data-e-type=\"container\" data-settings=\"{&quot;_ha_eqh_enable&quot;:false}\">\n\t\t<div class=\"elementor-element elementor-element-10a34df e-con-full e-flex e-con e-child\" data-id=\"10a34df\" data-element_type=\"container\" data-e-type=\"container\" data-settings=\"{&quot;_ha_eqh_enable&quot;:false}\">\n\t\t\t\t<div class=\"elementor-element elementor-element-12958b1 elementor-view-default elementor-widget elementor-widget-icon\" data-id=\"12958b1\" data-element_type=\"widget\" data-e-type=\"widget\" data-widget_type=\"icon.default\">\n\t\t\t\t\t\t\t<div class=\"elementor-icon-wrapper\">\n\t\t\t<div class=\"elementor-icon\">\n\t\t\t<svg aria-hidden=\"true\" class=\"e-font-icon-svg e-fas-map-marker-alt\" viewbox=\"0 0 384 512\" xmlns=\"http:\/\/www.w3.org\/2000\/svg\"><path d=\"M172.268 501.67C26.97 291.031 0 269.413 0 192 0 85.961 85.961 0 192 0s192 85.961 192 192c0 77.413-26.97 99.031-172.268 309.67-9.535 13.774-29.93 13.773-39.464 0zM192 272c44.183 0 80-35.817 80-80s-35.817-80-80-80-80 35.817-80 80 35.817 80 80 80z\"><\/path><\/svg>\t\t\t<\/div>\n\t\t<\/div>\n\t\t\t\t\t\t<\/div>\n\t\t\t\t<div class=\"elementor-element elementor-element-2bcfd47 elementor-widget elementor-widget-wp-widget-gd_post_address\" data-id=\"2bcfd47\" data-element_type=\"widget\" data-e-type=\"widget\" data-widget_type=\"wp-widget-gd_post_address.default\">\n\t\t\t\t<div class=\"elementor-widget-container\">\n\t\t\t\t\t<span class='geodir-post-address-container bsui sdel-fe4ae27d' ><div class=\"geodir_post_meta  text-start text-black fs-xs text-black geodir-field-address\" itemscope itemtype=\"http:\/\/schema.org\/PostalAddress\"><span itemprop=\"addressCountry\">Germany<\/span> - <span itemprop=\"postalCode\">90471<\/span> <span itemprop=\"addressLocality\">N\u00fcrnberg<\/span><\/div><\/span>\t\t\t\t<\/div>\n\t\t\t\t<\/div>\n\t\t\t\t<\/div>\n\t\t<div class=\"elementor-element elementor-element-a63e6da e-con-full e-flex e-con e-child\" data-id=\"a63e6da\" data-element_type=\"container\" data-e-type=\"container\" data-settings=\"{&quot;_ha_eqh_enable&quot;:false}\">\n\t\t\t\t<\/div>\n\t\t\t\t<\/div>\n\t\t\t\t<\/div>\n\t\t\t\t<\/div>\n\t\t<div class=\"elementor-element elementor-element-c87dd60 e-con-full e-flex e-con e-child\" data-id=\"c87dd60\" data-element_type=\"container\" data-e-type=\"container\" data-settings=\"{&quot;_ha_eqh_enable&quot;:false}\">\n\t\t\t\t<div class=\"elementor-element elementor-element-cd4bf84 detail-premium elementor-view-default elementor-widget elementor-widget-icon\" data-id=\"cd4bf84\" data-element_type=\"widget\" data-e-type=\"widget\" data-widget_type=\"icon.default\">\n\t\t\t\t\t\t\t<div class=\"elementor-icon-wrapper\">\n\t\t\t<a class=\"elementor-icon\" href=\"https:\/\/druckluft-verzeichnis.de\/en\/veranstaltungen\/deutschland\/bayern\/nuernberg\/messe\/powtech-technopharm-2026\/\">\n\t\t\t<i aria-hidden=\"true\" class=\"huge huge-circle-arrow-right-02-round\"><\/i>\t\t\t<\/a>\n\t\t<\/div>\n\t\t\t\t\t\t<\/div>\n\t\t\t\t<\/div>\n\t\t\t\t<\/div>\n\t\t\t\t<\/div>\n\t\t\t\t<\/article>\n\t\t\t<\/div>\n<div class=\"geodir-widget-bottom text-center\"><a href=\"https:\/\/druckluft-verzeichnis.de\/en\/veranstaltungen\/\" class=\"geodir-all-link btn btn-outline-primary\">View all<\/a><\/div>\t\t<\/div>\n\t\t<\/span>\t\t\t\t<\/div>\n\t\t\t\t<\/div>\n\t\t\t\t\t<\/div>\n\t\t\t\t<\/div>\n\t\t\t\t<\/div>\n\t\t\t\t<\/div>\n\t\t\t\t<\/div>","protected":false},"excerpt":{"rendered":"<p>Veranstaltungskalender Druckluft und Kompressoren \u2013 alle Events im \u00dcberblick Unser Veranstaltungskalender f\u00fcr Druckluft und Kompressoren zeigt Ihnen alle relevanten Messen, Veranstaltungen und Branchenevents an einem Ort. Finden Sie aktuelle Termine, internationale Messen und Events \u2013 \u00fcbersichtlich, themenfokussiert und ideal f\u00fcr Entscheider, Techniker und Eink\u00e4ufer der Druckluftbranche. Veranstaltungskalender<\/p>","protected":false},"author":2,"featured_media":26753,"parent":0,"menu_order":0,"comment_status":"closed","ping_status":"closed","template":"","meta":{"_acf_changed":false,"googlesitekit_rrm_CAowkvbCDA:productID":"","site-sidebar-layout":"no-sidebar","site-content-layout":"page-builder","ast-site-content-layout":"full-width-container","site-content-style":"default","site-sidebar-style":"default","ast-global-header-display":"","ast-banner-title-visibility":"","ast-main-header-display":"","ast-hfb-above-header-display":"","ast-hfb-below-header-display":"","ast-hfb-mobile-header-display":"","site-post-title":"disabled","ast-breadcrumbs-content":"","ast-featured-img":"disabled","footer-sml-layout":"","ast-disable-related-posts":"","theme-transparent-header-meta":"default","adv-header-id-meta":"","stick-header-meta":"","header-above-stick-meta":"","header-main-stick-meta":"","header-below-stick-meta":"","astra-migrate-meta-layouts":"set","ast-page-background-enabled":"default","ast-page-background-meta":{"desktop":{"background-color":"","background-image":"","background-repeat":"repeat","background-position":"center center","background-size":"auto","background-attachment":"scroll","background-type":"","background-media":"","overlay-type":"","overlay-color":"","overlay-opacity":"","overlay-gradient":""},"tablet":{"background-color":"","background-image":"","background-repeat":"repeat","background-position":"center center","background-size":"auto","background-attachment":"scroll","background-type":"","background-media":"","overlay-type":"","overlay-color":"","overlay-opacity":"","overlay-gradient":""},"mobile":{"background-color":"","background-image":"","background-repeat":"repeat","background-position":"center center","background-size":"auto","background-attachment":"scroll","background-type":"","background-media":"","overlay-type":"","overlay-color":"","overlay-opacity":"","overlay-gradient":""}},"ast-content-background-meta":{"desktop":{"background-color":"var(--ast-global-color-5)","background-image":"","background-repeat":"repeat","background-position":"center center","background-size":"auto","background-attachment":"scroll","background-type":"","background-media":"","overlay-type":"","overlay-color":"","overlay-opacity":"","overlay-gradient":""},"tablet":{"background-color":"var(--ast-global-color-5)","background-image":"","background-repeat":"repeat","background-position":"center center","background-size":"auto","background-attachment":"scroll","background-type":"","background-media":"","overlay-type":"","overlay-color":"","overlay-opacity":"","overlay-gradient":""},"mobile":{"background-color":"var(--ast-global-color-5)","background-image":"","background-repeat":"repeat","background-position":"center center","background-size":"auto","background-attachment":"scroll","background-type":"","background-media":"","overlay-type":"","overlay-color":"","overlay-opacity":"","overlay-gradient":""}},"footnotes":""},"class_list":["post-49716","page","type-page","status-publish","has-post-thumbnail","hentry"],"acf":[],"yoast_head":"<!-- This site is optimized with the Yoast SEO plugin v27.5 - https:\/\/yoast.com\/product\/yoast-seo-wordpress\/ -->\n<title>Veranstaltungskalender Druckluft und Kompressoren 2026<\/title>\n<meta name=\"description\" content=\"Aktueller Veranstaltungskalender f\u00fcr Druckluft und Kompressoren. Alle Messen, Events &amp; Veranstaltungen \u00fcbersichtlich &amp; kostenlos.\" \/>\n<meta name=\"robots\" content=\"index, follow, max-snippet:-1, max-image-preview:large, max-video-preview:-1\" \/>\n<link rel=\"canonical\" href=\"https:\/\/druckluft-verzeichnis.de\/en\/veranstaltungskalender\/\" \/>\n<meta property=\"og:locale\" content=\"en_GB\" \/>\n<meta property=\"og:type\" content=\"article\" \/>\n<meta property=\"og:title\" content=\"Veranstaltungskalender Druckluft und Kompressoren 2026\" \/>\n<meta property=\"og:description\" content=\"Aktueller Veranstaltungskalender f\u00fcr Druckluft und Kompressoren. Alle Messen, Events &amp; Veranstaltungen \u00fcbersichtlich &amp; kostenlos.\" \/>\n<meta property=\"og:url\" content=\"https:\/\/druckluft-verzeichnis.de\/en\/veranstaltungskalender\/\" \/>\n<meta property=\"og:site_name\" content=\"Druckluft-Verzeichnis\" \/>\n<meta property=\"article:modified_time\" content=\"2026-02-08T15:28:07+00:00\" \/>\n<meta property=\"og:image\" content=\"https:\/\/druckluft-verzeichnis.de\/wp-content\/uploads\/blog-druckluft-1.webp\" \/>\n\t<meta property=\"og:image:width\" content=\"1200\" \/>\n\t<meta property=\"og:image:height\" content=\"630\" \/>\n\t<meta property=\"og:image:type\" content=\"image\/webp\" \/>\n<meta name=\"twitter:card\" content=\"summary_large_image\" \/>\n<meta name=\"twitter:label1\" content=\"Estimated reading time\" \/>\n\t<meta name=\"twitter:data1\" content=\"3 minutes\" \/>\n<script type=\"application\/ld+json\" class=\"yoast-schema-graph\">{\"@context\":\"https:\\\/\\\/schema.org\",\"@graph\":[{\"@type\":\"TechArticle\",\"@id\":\"https:\\\/\\\/druckluft-verzeichnis.de\\\/veranstaltungskalender\\\/#article\",\"isPartOf\":{\"@id\":\"https:\\\/\\\/druckluft-verzeichnis.de\\\/veranstaltungskalender\\\/\"},\"author\":{\"name\":\"KompressorTeile24\",\"@id\":\"https:\\\/\\\/druckluft-verzeichnis.de\\\/#\\\/schema\\\/person\\\/c6efd3556741c4053ac9e05072b8aede\"},\"headline\":\"Veranstaltungskalender\",\"datePublished\":\"2025-12-20T07:02:15+00:00\",\"dateModified\":\"2026-02-08T15:28:07+00:00\",\"mainEntityOfPage\":{\"@id\":\"https:\\\/\\\/druckluft-verzeichnis.de\\\/veranstaltungskalender\\\/\"},\"wordCount\":49,\"publisher\":{\"@id\":\"https:\\\/\\\/druckluft-verzeichnis.de\\\/#organization\"},\"image\":{\"@id\":\"https:\\\/\\\/druckluft-verzeichnis.de\\\/veranstaltungskalender\\\/#primaryimage\"},\"thumbnailUrl\":\"https:\\\/\\\/druckluft-verzeichnis.de\\\/wp-content\\\/uploads\\\/blog-druckluft-1.webp\",\"inLanguage\":\"en-GB\"},{\"@type\":\"WebPage\",\"@id\":\"https:\\\/\\\/druckluft-verzeichnis.de\\\/veranstaltungskalender\\\/\",\"url\":\"https:\\\/\\\/druckluft-verzeichnis.de\\\/veranstaltungskalender\\\/\",\"name\":\"Veranstaltungskalender Druckluft und Kompressoren 2026\",\"isPartOf\":{\"@id\":\"https:\\\/\\\/druckluft-verzeichnis.de\\\/#website\"},\"primaryImageOfPage\":{\"@id\":\"https:\\\/\\\/druckluft-verzeichnis.de\\\/veranstaltungskalender\\\/#primaryimage\"},\"image\":{\"@id\":\"https:\\\/\\\/druckluft-verzeichnis.de\\\/veranstaltungskalender\\\/#primaryimage\"},\"thumbnailUrl\":\"https:\\\/\\\/druckluft-verzeichnis.de\\\/wp-content\\\/uploads\\\/blog-druckluft-1.webp\",\"datePublished\":\"2025-12-20T07:02:15+00:00\",\"dateModified\":\"2026-02-08T15:28:07+00:00\",\"description\":\"Aktueller Veranstaltungskalender f\u00fcr Druckluft und Kompressoren. Alle Messen, Events & Veranstaltungen \u00fcbersichtlich & kostenlos.\",\"breadcrumb\":{\"@id\":\"https:\\\/\\\/druckluft-verzeichnis.de\\\/veranstaltungskalender\\\/#breadcrumb\"},\"inLanguage\":\"en-GB\",\"potentialAction\":[{\"@type\":\"ReadAction\",\"target\":[\"https:\\\/\\\/druckluft-verzeichnis.de\\\/veranstaltungskalender\\\/\"]}]},{\"@type\":\"ImageObject\",\"inLanguage\":\"en-GB\",\"@id\":\"https:\\\/\\\/druckluft-verzeichnis.de\\\/veranstaltungskalender\\\/#primaryimage\",\"url\":\"https:\\\/\\\/druckluft-verzeichnis.de\\\/wp-content\\\/uploads\\\/blog-druckluft-1.webp\",\"contentUrl\":\"https:\\\/\\\/druckluft-verzeichnis.de\\\/wp-content\\\/uploads\\\/blog-druckluft-1.webp\",\"width\":1200,\"height\":630,\"caption\":\"Blog Druckluft und Kompressoren\"},{\"@type\":\"BreadcrumbList\",\"@id\":\"https:\\\/\\\/druckluft-verzeichnis.de\\\/veranstaltungskalender\\\/#breadcrumb\",\"itemListElement\":[{\"@type\":\"ListItem\",\"position\":1,\"name\":\"Startseite\",\"item\":\"https:\\\/\\\/druckluft-verzeichnis.de\\\/\"},{\"@type\":\"ListItem\",\"position\":2,\"name\":\"Veranstaltungskalender\"}]},{\"@type\":\"WebSite\",\"@id\":\"https:\\\/\\\/druckluft-verzeichnis.de\\\/#website\",\"url\":\"https:\\\/\\\/druckluft-verzeichnis.de\\\/\",\"name\":\"Druckluft-Verzeichnis\",\"description\":\"\",\"publisher\":{\"@id\":\"https:\\\/\\\/druckluft-verzeichnis.de\\\/#organization\"},\"potentialAction\":[{\"@type\":\"SearchAction\",\"target\":{\"@type\":\"EntryPoint\",\"urlTemplate\":\"https:\\\/\\\/druckluft-verzeichnis.de\\\/?s={search_term_string}\"},\"query-input\":{\"@type\":\"PropertyValueSpecification\",\"valueRequired\":true,\"valueName\":\"search_term_string\"}}],\"inLanguage\":\"en-GB\"},{\"@type\":\"Organization\",\"@id\":\"https:\\\/\\\/druckluft-verzeichnis.de\\\/#organization\",\"name\":\"druckluft-verzeichnis.de\",\"url\":\"https:\\\/\\\/druckluft-verzeichnis.de\\\/\",\"logo\":{\"@type\":\"ImageObject\",\"inLanguage\":\"en-GB\",\"@id\":\"https:\\\/\\\/druckluft-verzeichnis.de\\\/#\\\/schema\\\/logo\\\/image\\\/\",\"url\":\"https:\\\/\\\/druckluft-verzeichnis.de\\\/wp-content\\\/uploads\\\/organisation-logo-druckluft-verzeichnis.png\",\"contentUrl\":\"https:\\\/\\\/druckluft-verzeichnis.de\\\/wp-content\\\/uploads\\\/organisation-logo-druckluft-verzeichnis.png\",\"width\":600,\"height\":600,\"caption\":\"druckluft-verzeichnis.de\"},\"image\":{\"@id\":\"https:\\\/\\\/druckluft-verzeichnis.de\\\/#\\\/schema\\\/logo\\\/image\\\/\"},\"sameAs\":[\"https:\\\/\\\/www.inkedin.com\\\/company\\\/druckluft-verzeichnis\\\/\"]},{\"@type\":\"Person\",\"@id\":\"https:\\\/\\\/druckluft-verzeichnis.de\\\/#\\\/schema\\\/person\\\/c6efd3556741c4053ac9e05072b8aede\",\"name\":\"KompressorTeile24\",\"image\":{\"@type\":\"ImageObject\",\"inLanguage\":\"en-GB\",\"@id\":\"https:\\\/\\\/druckluft-verzeichnis.de\\\/wp-content\\\/uploads\\\/2025\\\/07\\\/kompressorteile24_avatar-96x96.png\",\"url\":\"https:\\\/\\\/druckluft-verzeichnis.de\\\/wp-content\\\/uploads\\\/2025\\\/07\\\/kompressorteile24_avatar-96x96.png\",\"contentUrl\":\"https:\\\/\\\/druckluft-verzeichnis.de\\\/wp-content\\\/uploads\\\/2025\\\/07\\\/kompressorteile24_avatar-96x96.png\",\"caption\":\"KompressorTeile24\"}}]}<\/script>\n<!-- \/ Yoast SEO plugin. -->","yoast_head_json":{"title":"Veranstaltungskalender Druckluft und Kompressoren 2026","description":"Aktueller Veranstaltungskalender f\u00fcr Druckluft und Kompressoren. Alle Messen, Events & Veranstaltungen \u00fcbersichtlich & kostenlos.","robots":{"index":"index","follow":"follow","max-snippet":"max-snippet:-1","max-image-preview":"max-image-preview:large","max-video-preview":"max-video-preview:-1"},"canonical":"https:\/\/druckluft-verzeichnis.de\/en\/veranstaltungskalender\/","og_locale":"en_GB","og_type":"article","og_title":"Veranstaltungskalender Druckluft und Kompressoren 2026","og_description":"Aktueller Veranstaltungskalender f\u00fcr Druckluft und Kompressoren. Alle Messen, Events & Veranstaltungen \u00fcbersichtlich & kostenlos.","og_url":"https:\/\/druckluft-verzeichnis.de\/en\/veranstaltungskalender\/","og_site_name":"Druckluft-Verzeichnis","article_modified_time":"2026-02-08T15:28:07+00:00","og_image":[{"width":1200,"height":630,"url":"https:\/\/druckluft-verzeichnis.de\/wp-content\/uploads\/blog-druckluft-1.webp","type":"image\/webp"}],"twitter_card":"summary_large_image","twitter_misc":{"Estimated reading time":"3 minutes"},"schema":{"@context":"https:\/\/schema.org","@graph":[{"@type":"TechArticle","@id":"https:\/\/druckluft-verzeichnis.de\/veranstaltungskalender\/#article","isPartOf":{"@id":"https:\/\/druckluft-verzeichnis.de\/veranstaltungskalender\/"},"author":{"name":"KompressorTeile24","@id":"https:\/\/druckluft-verzeichnis.de\/#\/schema\/person\/c6efd3556741c4053ac9e05072b8aede"},"headline":"Veranstaltungskalender","datePublished":"2025-12-20T07:02:15+00:00","dateModified":"2026-02-08T15:28:07+00:00","mainEntityOfPage":{"@id":"https:\/\/druckluft-verzeichnis.de\/veranstaltungskalender\/"},"wordCount":49,"publisher":{"@id":"https:\/\/druckluft-verzeichnis.de\/#organization"},"image":{"@id":"https:\/\/druckluft-verzeichnis.de\/veranstaltungskalender\/#primaryimage"},"thumbnailUrl":"https:\/\/druckluft-verzeichnis.de\/wp-content\/uploads\/blog-druckluft-1.webp","inLanguage":"en-GB"},{"@type":"WebPage","@id":"https:\/\/druckluft-verzeichnis.de\/veranstaltungskalender\/","url":"https:\/\/druckluft-verzeichnis.de\/veranstaltungskalender\/","name":"Veranstaltungskalender Druckluft und Kompressoren 2026","isPartOf":{"@id":"https:\/\/druckluft-verzeichnis.de\/#website"},"primaryImageOfPage":{"@id":"https:\/\/druckluft-verzeichnis.de\/veranstaltungskalender\/#primaryimage"},"image":{"@id":"https:\/\/druckluft-verzeichnis.de\/veranstaltungskalender\/#primaryimage"},"thumbnailUrl":"https:\/\/druckluft-verzeichnis.de\/wp-content\/uploads\/blog-druckluft-1.webp","datePublished":"2025-12-20T07:02:15+00:00","dateModified":"2026-02-08T15:28:07+00:00","description":"Aktueller Veranstaltungskalender f\u00fcr Druckluft und Kompressoren. Alle Messen, Events & Veranstaltungen \u00fcbersichtlich & kostenlos.","breadcrumb":{"@id":"https:\/\/druckluft-verzeichnis.de\/veranstaltungskalender\/#breadcrumb"},"inLanguage":"en-GB","potentialAction":[{"@type":"ReadAction","target":["https:\/\/druckluft-verzeichnis.de\/veranstaltungskalender\/"]}]},{"@type":"ImageObject","inLanguage":"en-GB","@id":"https:\/\/druckluft-verzeichnis.de\/veranstaltungskalender\/#primaryimage","url":"https:\/\/druckluft-verzeichnis.de\/wp-content\/uploads\/blog-druckluft-1.webp","contentUrl":"https:\/\/druckluft-verzeichnis.de\/wp-content\/uploads\/blog-druckluft-1.webp","width":1200,"height":630,"caption":"Blog Druckluft und Kompressoren"},{"@type":"BreadcrumbList","@id":"https:\/\/druckluft-verzeichnis.de\/veranstaltungskalender\/#breadcrumb","itemListElement":[{"@type":"ListItem","position":1,"name":"Startseite","item":"https:\/\/druckluft-verzeichnis.de\/"},{"@type":"ListItem","position":2,"name":"Veranstaltungskalender"}]},{"@type":"WebSite","@id":"https:\/\/druckluft-verzeichnis.de\/#website","url":"https:\/\/druckluft-verzeichnis.de\/","name":"Druckluft-Verzeichnis","description":"","publisher":{"@id":"https:\/\/druckluft-verzeichnis.de\/#organization"},"potentialAction":[{"@type":"SearchAction","target":{"@type":"EntryPoint","urlTemplate":"https:\/\/druckluft-verzeichnis.de\/?s={search_term_string}"},"query-input":{"@type":"PropertyValueSpecification","valueRequired":true,"valueName":"search_term_string"}}],"inLanguage":"en-GB"},{"@type":"Organization","@id":"https:\/\/druckluft-verzeichnis.de\/#organization","name":"druckluft-verzeichnis.de","url":"https:\/\/druckluft-verzeichnis.de\/","logo":{"@type":"ImageObject","inLanguage":"en-GB","@id":"https:\/\/druckluft-verzeichnis.de\/#\/schema\/logo\/image\/","url":"https:\/\/druckluft-verzeichnis.de\/wp-content\/uploads\/organisation-logo-druckluft-verzeichnis.png","contentUrl":"https:\/\/druckluft-verzeichnis.de\/wp-content\/uploads\/organisation-logo-druckluft-verzeichnis.png","width":600,"height":600,"caption":"druckluft-verzeichnis.de"},"image":{"@id":"https:\/\/druckluft-verzeichnis.de\/#\/schema\/logo\/image\/"},"sameAs":["https:\/\/www.inkedin.com\/company\/druckluft-verzeichnis\/"]},{"@type":"Person","@id":"https:\/\/druckluft-verzeichnis.de\/#\/schema\/person\/c6efd3556741c4053ac9e05072b8aede","name":"KompressorTeile24","image":{"@type":"ImageObject","inLanguage":"en-GB","@id":"https:\/\/druckluft-verzeichnis.de\/wp-content\/uploads\/2025\/07\/kompressorteile24_avatar-96x96.png","url":"https:\/\/druckluft-verzeichnis.de\/wp-content\/uploads\/2025\/07\/kompressorteile24_avatar-96x96.png","contentUrl":"https:\/\/druckluft-verzeichnis.de\/wp-content\/uploads\/2025\/07\/kompressorteile24_avatar-96x96.png","caption":"KompressorTeile24"}}]}},"_links":{"self":[{"href":"https:\/\/druckluft-verzeichnis.de\/en\/wp-json\/wp\/v2\/pages\/49716","targetHints":{"allow":["GET"]}}],"collection":[{"href":"https:\/\/druckluft-verzeichnis.de\/en\/wp-json\/wp\/v2\/pages"}],"about":[{"href":"https:\/\/druckluft-verzeichnis.de\/en\/wp-json\/wp\/v2\/types\/page"}],"author":[{"embeddable":true,"href":"https:\/\/druckluft-verzeichnis.de\/en\/wp-json\/wp\/v2\/users\/2"}],"replies":[{"embeddable":true,"href":"https:\/\/druckluft-verzeichnis.de\/en\/wp-json\/wp\/v2\/comments?post=49716"}],"version-history":[{"count":0,"href":"https:\/\/druckluft-verzeichnis.de\/en\/wp-json\/wp\/v2\/pages\/49716\/revisions"}],"wp:featuredmedia":[{"embeddable":true,"href":"https:\/\/druckluft-verzeichnis.de\/en\/wp-json\/wp\/v2\/media\/26753"}],"wp:attachment":[{"href":"https:\/\/druckluft-verzeichnis.de\/en\/wp-json\/wp\/v2\/media?parent=49716"}],"curies":[{"name":"wp","href":"https:\/\/api.w.org\/{rel}","templated":true}]}}